{"id":2852,"date":"2024-07-30T16:59:43","date_gmt":"2024-07-30T14:59:43","guid":{"rendered":"https:\/\/werkstatt-ac.de\/?page_id=2852"},"modified":"2024-07-30T16:59:43","modified_gmt":"2024-07-30T14:59:43","slug":"corona-virus","status":"publish","type":"page","link":"https:\/\/werkstatt-ac.de\/?page_id=2852","title":{"rendered":"Corona-Virus"},"content":{"rendered":"<p>23.04.2021<br \/>\n<a href=\"https:\/\/werkstatt-ac.de\/wp-content\/uploads\/2021\/06\/Info-Corona-Praemie-2021-06.pdf\"><span style=\"color: #000080;\"><strong>Information Corona-Pr\u00e4mie Juni 2021<\/strong><\/span><\/a><\/p>\n<p>22.06.2021<br \/>\n<span style=\"color: #000080;\"><strong><a style=\"color: #000080;\" href=\"https:\/\/werkstatt-ac.de\/wp-content\/uploads\/2021\/06\/Durchfuehrungskonzept-7.-Phase.pdf\">7. Phase des Durchf\u00fchrungskonzeptes\u00a0<\/a><\/strong><\/span><\/p>\n<p>23.04.2021<br \/>\n<span style=\"color: #000080;\"><strong><a style=\"color: #000080;\" href=\"https:\/\/werkstatt-ac.de\/wp-content\/uploads\/2021\/04\/Testkonzept-PoC-Tests_-April-2021.pdf\">Testkonzept Reihentestungen Stand April 2021<\/a><\/strong><\/span><\/p>\n<p>23.04.2021<br \/>\n<span style=\"color: #000080;\"><a style=\"color: #000080;\" href=\"https:\/\/werkstatt-ac.de\/wp-content\/uploads\/2021\/04\/Info-Corona-Praemie-2021-04.pdf\"><strong>Information Corona-Pr\u00e4mie April 2021<\/strong><\/a><\/span><\/p>\n<p>18.02.2021<br \/>\n<span style=\"color: #000080;\"><a style=\"color: #000080;\" href=\"https:\/\/werkstatt-ac.de\/wp-content\/uploads\/2021\/02\/Testkonzept-Reihentestungen-Stand-Febr.-2021.pdf\"><strong>Testkonzept Reihentestungen Stand Febr. 2021<\/strong><\/a><\/span><\/p>\n<p>11.02.2021 Fettdonnerstag<br \/>\n<span style=\"color: #000080;\"><strong><a style=\"color: #000080;\" href=\"https:\/\/youtu.be\/GozrB1Yi5Cs\">Wir f\u00fcr andere<\/a><\/strong><\/span><\/p>\n<p>26.01.2021<br \/>\n<span style=\"color: #000080;\"><strong><a style=\"color: #000080;\" href=\"https:\/\/werkstatt-ac.de\/wp-content\/uploads\/2021\/01\/Durchfuehrungskonzept-6.-Phase.pdf\">6. Phase des Durchf\u00fchrungskonzeptes\u00a0<\/a><\/strong><\/span><\/p>\n<p>11. Januar 2021<br \/>\n<span style=\"color: #000080;\"><strong><a style=\"color: #000080;\" href=\"https:\/\/werkstatt-ac.de\/wp-content\/uploads\/2021\/01\/Testkonzept-PoC-Tests_Stand-Jan.-2021-.pdf\" target=\"_blank\" rel=\"noopener\">Testkonzept PoC-Tests im Unternehmen<\/a><\/strong><\/span><\/p>\n<p>Weihnachten 2020<br \/>\n<span style=\"color: #000080;\"><strong><a style=\"color: #000080;\" href=\"https:\/\/youtu.be\/8uwLYftjrkQ\">Wer m\u00f6chte kann hier nochmal unseren Weihnachtsgru\u00df anschauen<\/a><\/strong><\/span><\/p>\n<p>21. Dezember 2020<br \/>\n<strong><span style=\"color: #000080;\"><a style=\"color: #000080;\" href=\"https:\/\/werkstatt-ac.de\/wp-content\/uploads\/2020\/12\/Info-Entgeltaenderungen-2021.pdf\" target=\"_blank\" rel=\"noopener noreferrer\">Informationen Entgelt\u00e4nderungen 2021<\/a><\/span><\/strong><\/p>\n<p>10. Dezember 2020<br \/>\n<strong><span style=\"color: #000080;\"><a style=\"color: #000080;\" href=\"https:\/\/werkstatt-ac.de\/wp-content\/uploads\/2020\/12\/BMAS_-steuerfreie-Coronapraemie-fuer-Werkstattbeschaeftigte.pdf\" target=\"_blank\" rel=\"noopener noreferrer\">Schreiben BMAS (Bundesministerium f\u00fcr Arbeit und Soziales)<\/a><\/span><\/strong><\/p>\n<p>22. September 2020<br \/>\n<span style=\"color: #333399;\"><a style=\"color: #333399;\" href=\"https:\/\/werkstatt-ac.de\/wp-content\/uploads\/2020\/09\/Durchfuehrungskonzept-5.-Phase.pdf\" target=\"_blank\" rel=\"noopener noreferrer\"><strong>5. Phase des Durchf\u00fchrungskonzeptes zur schrittweisen \u00d6ffnung der WfbM<\/strong><\/a><\/span><\/p>\n<p>6. Juli 2020<br \/>\n<span style=\"color: #333399;\"><a style=\"color: #333399;\" href=\"https:\/\/werkstatt-ac.de\/wp-content\/uploads\/2020\/07\/Durchfu\u0308hrungskonzept_4.-Phase.pdf\"><strong>4. Phase des Durchf\u00fchrungskonzeptes zur schrittweisen \u00d6ffnung der WfbM<\/strong><\/a><\/span><\/p>\n<p>17.06.2020<br \/>\n<strong><span style=\"color: #333399;\"><a style=\"color: #333399;\" href=\"https:\/\/werkstatt-ac.de\/wp-content\/uploads\/2020\/06\/Durchf\u00fchrungskonzept-3.Phase-Stand-17.06.2020-Homepage.pdf\" target=\"_blank\" rel=\"noopener noreferrer\">3. Phase des Durchf\u00fchrungskonzeptes zur schrittweisen \u00d6ffnung der WfbM<\/a><\/span><\/strong><\/p>\n<p>27.05.2020<br \/>\n<strong><span style=\"color: #333399;\"><a style=\"color: #333399;\" href=\"https:\/\/werkstatt-ac.de\/wp-content\/uploads\/2020\/05\/Durchf\u00fchrungskonzept-2.-Phase-Stand-27.05.2020-Homepage.pdf\" target=\"_blank\" rel=\"noopener noreferrer\">2. Phase des Durchf\u00fchrungskonzeptes zur schrittweisen \u00d6ffnung der WfbM<\/a><\/span><\/strong><\/p>\n<p>06.05.2020<br \/>\n<strong><span style=\"color: #333399;\"><a style=\"color: #333399;\" href=\"https:\/\/werkstatt-ac.de\/wp-content\/uploads\/2020\/05\/Durchf\u00fchrungskonzept-Homepage-1.pdf\" target=\"_blank\" rel=\"noopener noreferrer\">Durchf\u00fchrungskonzept zur schrittweisen \u00d6ffnung der WfbM<\/a><\/span><\/strong><\/p>\n<p>30.04.2020<br \/>\n<span style=\"color: #333399;\"><a style=\"color: #333399;\" href=\"https:\/\/youtu.be\/1zHC1InY8k4\" target=\"_blank\" rel=\"noopener noreferrer\"><strong>Video &#8222;Unsere Werkst\u00e4tten im Corona Modus&#8220;<\/strong><\/a><\/span><br \/>\nEs ist leer ohne euch. Aber nicht alles ist leer. Schaut, wie die Werkst\u00e4tten im Corona-Modus aussehen.<\/p>\n<p>30.04.2020<br \/>\n<strong><a href=\"https:\/\/werkstatt-ac.de\/wp-content\/uploads\/2020\/04\/2020-04-30-Aushang-4.-Informationsschreiben.pdf\" target=\"_blank\" rel=\"noopener noreferrer\"><span style=\"color: #333399;\">4. Informationsschreiben zur Werkstattschlie\u00dfung<\/span><\/a><\/strong><\/p>\n<p>Herr Zimmermann und Herr Haberland haben sich zu einem Gespr\u00e4ch getroffen um euch per Videobotschaft \u00fcber die aktuelle Situation zu informieren.<br \/>\n<strong><span style=\"color: #333399;\"><a style=\"color: #333399;\" href=\"https:\/\/youtu.be\/FLBcmOFogNw\" target=\"_blank\" rel=\"noopener noreferrer\">Hier geht&#8217;s zur VIDEOBOTSCHAFT<\/a>\u00a0<\/span><\/strong><\/p>\n<p>17.04.2020<br \/>\n<a href=\"https:\/\/werkstatt-ac.de\/wp-content\/uploads\/2020\/04\/2020-04-17-3.-Informationsschreiben.pdf\" target=\"_blank\" rel=\"noopener noreferrer\"><strong><span style=\"color: #333399;\">3. Informationsschreiben zur Werkstattschlie\u00dfung<\/span><\/strong><\/a><\/p>\n<p>30.03.2020<br \/>\nNeue <a href=\"https:\/\/werkstatt-ac.de\/wp-content\/uploads\/2020\/03\/Corona-Virus_LEICHTE_SPRACHE_Teil_2.pdf\" target=\"_blank\" rel=\"noopener noreferrer\"><span style=\"color: #333399;\"><strong>Informationen in Leichter Sprache<\/strong><\/span><\/a>, Teil 2<\/p>\n<p>25.03.2020<br \/>\n<span style=\"color: #333399;\"><strong><a style=\"color: #333399;\" href=\"https:\/\/werkstatt-ac.de\/wp-content\/uploads\/2020\/03\/H\u00e4nde-waschen-aber-richtig.pdf\" target=\"_blank\" rel=\"noopener noreferrer\">Richtig H\u00e4nde waschen<\/a><\/strong><\/span> und ein <strong><span style=\"color: #333399;\"><a style=\"color: #333399;\" href=\"https:\/\/youtu.be\/hd1V04xcTds\" target=\"_blank\" rel=\"noopener noreferrer\">Link<\/a><\/span><\/strong> zu einem Video.<\/p>\n<p><span style=\"color: #333399;\"><strong><a style=\"color: #333399;\" href=\"https:\/\/werkstatt-ac.de\/wp-content\/uploads\/2020\/03\/Niesenhusten-aber-richtig.pdf\" target=\"_blank\" rel=\"noopener noreferrer\">Richtig Niesen und Husten<\/a><\/strong><\/span><\/p>\n<p>24.03.2020<br \/>\nAktuelle <strong><span style=\"color: #333399;\"><a style=\"color: #333399;\" href=\"https:\/\/werkstatt-ac.de\/wp-content\/uploads\/2020\/03\/Telefonnummer-Sozialer-Dienst.png\" target=\"_blank\" rel=\"noopener noreferrer\">Telefonnummer Sozialer Dienst<\/a><\/span><\/strong> der Werkstatt<\/p>\n<p>17.03.2020<br \/>\nInfoschreiben<strong><span style=\"color: #333399;\"> <a style=\"color: #333399;\" href=\"https:\/\/werkstatt-ac.de\/wp-content\/uploads\/2020\/03\/Schlie\u00dfung-der-Werkst\u00e4tten.pdf\" target=\"_blank\" rel=\"noopener noreferrer\">Schlie\u00dfung der Werkst\u00e4tten<\/a><\/span><\/strong><\/p>\n<p>02.03.2020<br \/>\n<span style=\"color: #333399;\"><strong><a style=\"color: #333399;\" href=\"https:\/\/werkstatt-ac.de\/wp-content\/uploads\/2020\/03\/Informationsschreiben-zum-Corona-Virus.pdf\" target=\"_blank\" rel=\"noopener noreferrer\">aktuelles Informationsschreiben<\/a><\/strong><\/span> zum Thema Corona-Virus.<\/p>\n<p>Hier finden Sie <strong><span style=\"color: #333399;\"><a style=\"color: #333399;\" href=\"https:\/\/werkstatt-ac.de\/wp-content\/uploads\/2020\/03\/corona-virus_leichte_Sprache.pdf\" target=\"_blank\" rel=\"noopener noreferrer\">Informationen in LEICHTER SPRACHE <\/a><\/span><\/strong><\/p>\n<p>und hier <span style=\"color: #333399;\"><strong><a style=\"color: #333399;\" href=\"https:\/\/www.infektionsschutz.de\/hygienetipps.html\" target=\"_blank\" rel=\"noopener noreferrer\">Hygienetipps<\/a><\/strong><\/span> des Robert-Koch-Institutes.<\/p>\n<p>&nbsp;<\/p>\n<p>&nbsp;<\/p>\n","protected":false},"excerpt":{"rendered":"<p>Von Mitte M\u00e4rz bis Mitte Mai 2020 war die Werkstatt beh\u00f6rdlich geschlossen. Wie wir die Corona-Zeit bew\u00e4ltigt haben, erfahren Sie hier.<\/p>\n","protected":false},"author":101020,"featured_media":2836,"parent":187,"menu_order":50,"comment_status":"closed","ping_status":"closed","template":"","meta":{"_acf_changed":false,"footnotes":""},"class_list":["post-2852","page","type-page","status-publish","has-post-thumbnail","hentry"],"acf":[],"_links":{"self":[{"href":"https:\/\/werkstatt-ac.de\/index.php?rest_route=\/wp\/v2\/pages\/2852","targetHints":{"allow":["GET"]}}],"collection":[{"href":"https:\/\/werkstatt-ac.de\/index.php?rest_route=\/wp\/v2\/pages"}],"about":[{"href":"https:\/\/werkstatt-ac.de\/index.php?rest_route=\/wp\/v2\/types\/page"}],"author":[{"embeddable":true,"href":"https:\/\/werkstatt-ac.de\/index.php?rest_route=\/wp\/v2\/users\/101020"}],"replies":[{"embeddable":true,"href":"https:\/\/werkstatt-ac.de\/index.php?rest_route=%2Fwp%2Fv2%2Fcomments&post=2852"}],"version-history":[{"count":55,"href":"https:\/\/werkstatt-ac.de\/index.php?rest_route=\/wp\/v2\/pages\/2852\/revisions"}],"predecessor-version":[{"id":3796,"href":"https:\/\/werkstatt-ac.de\/index.php?rest_route=\/wp\/v2\/pages\/2852\/revisions\/3796"}],"up":[{"embeddable":true,"href":"https:\/\/werkstatt-ac.de\/index.php?rest_route=\/wp\/v2\/pages\/187"}],"wp:featuredmedia":[{"embeddable":true,"href":"https:\/\/werkstatt-ac.de\/index.php?rest_route=\/wp\/v2\/media\/2836"}],"wp:attachment":[{"href":"https:\/\/werkstatt-ac.de\/index.php?rest_route=%2Fwp%2Fv2%2Fmedia&parent=2852"}],"curies":[{"name":"wp","href":"https:\/\/api.w.org\/{rel}","templated":true}]}}