{"id":2949,"date":"2024-07-30T16:59:43","date_gmt":"2024-07-30T14:59:43","guid":{"rendered":"https:\/\/werkstatt-ac.de\/?page_id=2949"},"modified":"2024-07-30T16:59:43","modified_gmt":"2024-07-30T14:59:43","slug":"gute-nachrichten","status":"publish","type":"page","link":"https:\/\/werkstatt-ac.de\/?page_id=2949","title":{"rendered":"Gute Nachrichten"},"content":{"rendered":"<h2><span style=\"color: #333399;\">15.05.2020<\/span><\/h2>\n<h2><span style=\"color: #333399;\"><a class=\"link--download\" style=\"color: #333399;\" href=\"https:\/\/youtu.be\/NnByTqMnvuc\">Andrea, Luise, Alexandra und Dirk<\/a><\/span><\/h2>\n<h3><span style=\"color: #333399;\">Und noch eine Gute Nachricht im Videoformat<br \/>\n<\/span><span style=\"color: #333399;\">Gute Nachricht 17.0 &#8211; &#8222;Gut geraten&#8220;<\/span><\/h3>\n<hr \/>\n<h2><span style=\"color: #333399;\">14.05.2020<\/span><\/h2>\n<h2><span style=\"color: #333399;\">Heute gibt es anstatt der Guten Nachricht einen musikalischen Gru\u00df aus der Werkstatt<br \/>\n<a style=\"color: #333399;\" href=\"https:\/\/youtu.be\/iM9SpslHU0s\">&#8222;Gut geflogen&#8220;<\/a><\/span><\/h2>\n<h3><a href=\"https:\/\/youtu.be\/iM9SpslHU0s\"><img loading=\"lazy\" decoding=\"async\" class=\"alignnone wp-image-3298 size-medium\" src=\"https:\/\/werkstatt-ac.de\/wp-content\/uploads\/2020\/05\/Flashmob-Fliegerlied-300x120.png\" alt=\"\" width=\"300\" height=\"120\" data-id=\"3298\" srcset=\"https:\/\/werkstatt-ac.de\/wp-content\/uploads\/2020\/05\/Flashmob-Fliegerlied-300x120.png 300w, https:\/\/werkstatt-ac.de\/wp-content\/uploads\/2020\/05\/Flashmob-Fliegerlied-1024x411.png 1024w, https:\/\/werkstatt-ac.de\/wp-content\/uploads\/2020\/05\/Flashmob-Fliegerlied-768x308.png 768w, https:\/\/werkstatt-ac.de\/wp-content\/uploads\/2020\/05\/Flashmob-Fliegerlied-1000x402.png 1000w, https:\/\/werkstatt-ac.de\/wp-content\/uploads\/2020\/05\/Flashmob-Fliegerlied-800x321.png 800w, https:\/\/werkstatt-ac.de\/wp-content\/uploads\/2020\/05\/Flashmob-Fliegerlied-600x241.png 600w, https:\/\/werkstatt-ac.de\/wp-content\/uploads\/2020\/05\/Flashmob-Fliegerlied-168x67.png 168w, https:\/\/werkstatt-ac.de\/wp-content\/uploads\/2020\/05\/Flashmob-Fliegerlied.png 1118w\" sizes=\"auto, (max-width: 300px) 100vw, 300px\" \/><\/a><\/h3>\n<hr \/>\n<h2><span style=\"color: #333399;\">8. Mai 2020<\/span><\/h2>\n<h2><span style=\"color: #333399;\"><a class=\"link--download\" style=\"color: #333399;\" href=\"https:\/\/youtu.be\/DtipyrbbbIM\" target=\"_blank\" rel=\"noopener noreferrer\">Helmut und Achim<\/a><\/span><\/h2>\n<h3><span style=\"color: #333399;\">Gute Nachricht 16.0 &#8211; &#8222;Gut gek\u00fchlt&#8220;<\/span><\/h3>\n<hr \/>\n<h2><span style=\"color: #333399;\">4. Mai 2020<\/span><\/h2>\n<h2><span style=\"color: #333399;\"><a class=\"link--download\" style=\"color: #333399;\" href=\"https:\/\/youtu.be\/-XwOBI4tV-E\" target=\"_blank\" rel=\"noopener noreferrer\">Helmut und Elke<\/a><\/span><\/h2>\n<h3><span style=\"color: #333399;\">Gute Nachricht 15.0 &#8211; &#8222;Noch eine Gute Gabe&#8220;<\/span><\/h3>\n<hr \/>\n<h2><span style=\"color: #333399;\">29. April 2020<\/span><\/h2>\n<h2><span style=\"color: #333399;\"><a class=\"link--download\" style=\"color: #333399;\" href=\"https:\/\/youtu.be\/e157-pvU8wE\" target=\"_blank\" rel=\"noopener noreferrer\">Helmut und Elke<\/a><\/span><\/h2>\n<h3><span style=\"color: #333399;\">Gute Nachricht 14.0 &#8211; &#8222;Gut gesungen&#8220;<\/span><\/h3>\n<hr \/>\n<h2><span style=\"color: #333399;\">28. April 2020<\/span><\/h2>\n<h2><span style=\"color: #333399;\"><a class=\"link--download\" style=\"color: #333399;\" href=\"https:\/\/youtu.be\/FGmVfOuNvo8\" target=\"_blank\" rel=\"noopener noreferrer\">Helmut ganz alleine<\/a><\/span><\/h2>\n<h3><span style=\"color: #333399;\">Gute Nachricht 13.0 &#8211; &#8222;Gute Gabe&#8220;<\/span><\/h3>\n<hr \/>\n<h2><span style=\"color: #333399;\">27. April 2020<\/span><\/h2>\n<h2><span style=\"color: #333399;\"><a class=\"link--download\" style=\"color: #333399;\" href=\"https:\/\/youtu.be\/iIe5WlpYeJM\" target=\"_blank\" rel=\"noopener noreferrer\">Helmut und &#8230;<\/a><\/span><\/h2>\n<h3><span style=\"color: #333399;\">Gute Nachricht 12.0 &#8211; &#8222;Gut gesagt&#8220;<\/span><\/h3>\n<hr \/>\n<h2><span style=\"color: #333399;\">21. April 2020 <\/span><\/h2>\n<h2><span style=\"color: #333399;\"><a class=\"link--download\" style=\"color: #333399;\" href=\"https:\/\/youtu.be\/bUUAgfliufM\" target=\"_blank\" rel=\"noopener noreferrer\">Helmut und Elke<\/a><\/span><\/h2>\n<h3><span style=\"color: #333399;\">Gute Nachricht 11.0 &#8211; &#8222;Gut gebaut&#8220;<\/span><\/h3>\n<hr \/>\n<h2><span style=\"color: #333399;\">20. April 2020 <\/span><\/h2>\n<h2><span style=\"color: #333399;\"><a class=\"link--download\" style=\"color: #333399;\" href=\"https:\/\/youtu.be\/m-arsR_9ulA\" target=\"_blank\" rel=\"noopener noreferrer\">Helmut und Elke<\/a><\/span><\/h2>\n<h3><span style=\"color: #333399;\">Gute Nachricht 10.0 &#8211; &#8222;Gut angezogen&#8220;<\/span><\/h3>\n<hr \/>\n<h2><span style=\"color: #333399;\">17. April 2020 <\/span><\/h2>\n<h2><span style=\"color: #333399;\"><a class=\"link--download\" style=\"color: #333399;\" href=\"https:\/\/youtu.be\/0CQHZlm1a_U\" target=\"_blank\" rel=\"noopener noreferrer\">Helmut und Achim<\/a><\/span><\/h2>\n<h3><span style=\"color: #333399;\">Gute Nachricht 9.0 &#8211; &#8222;Gutes Ergebnis&#8220;<\/span><\/h3>\n<hr \/>\n<h2><span style=\"color: #333399;\">16. April 2020 <\/span><\/h2>\n<h2><span style=\"color: #333399;\">Corona hat auch andere Bedeutungen&#8230;<\/span><\/h2>\n<h2><span style=\"color: #333399;\"><a style=\"color: #333399;\" href=\"https:\/\/youtu.be\/wubSNlmwOKY\" target=\"_blank\" rel=\"noopener noreferrer\">Helmut und Achim<\/a><\/span><\/h2>\n<h3><span style=\"color: #333399;\">Gute Nachricht 8.0 &#8211; &#8222;Gute Bedeutungen&#8220;<\/span><\/h3>\n<hr \/>\n<h2><span style=\"color: #333399;\">15. April 2020 <\/span><\/h2>\n<h2><span style=\"color: #333399;\">Hiermit melden wir uns mit einem &#8222;Gute-Laune-Video&#8220; aus dem Osterurlaub zur\u00fcck \ud83d\ude42 Wir w\u00fcnschen euch viel Spa\u00df beim anschauen und anh\u00f6ren.<\/span><\/h2>\n<h2><span style=\"color: #333399;\"><a class=\"link--download\" style=\"color: #333399;\" href=\"https:\/\/youtu.be\/NzkgC4_9n8E\" target=\"_blank\" rel=\"noopener noreferrer\">Helmut und Achim<\/a><\/span><\/h2>\n<h3><span style=\"color: #333399;\">Gute Nachricht 7.0 &#8211; &#8222;Gute Laune&#8220;<\/span><\/h3>\n<hr \/>\n<h2><a href=\"https:\/\/youtu.be\/F6e54lt7DxE\"><img loading=\"lazy\" decoding=\"async\" class=\"alignnone wp-image-3163 size-full\" src=\"https:\/\/werkstatt-ac.de\/wp-content\/uploads\/2020\/04\/Flashmob-Bild.png\" alt=\"\" width=\"405\" height=\"129\" data-id=\"3163\" srcset=\"https:\/\/werkstatt-ac.de\/wp-content\/uploads\/2020\/04\/Flashmob-Bild.png 405w, https:\/\/werkstatt-ac.de\/wp-content\/uploads\/2020\/04\/Flashmob-Bild-300x96.png 300w, https:\/\/werkstatt-ac.de\/wp-content\/uploads\/2020\/04\/Flashmob-Bild-168x54.png 168w\" sizes=\"auto, (max-width: 405px) 100vw, 405px\" \/><\/a><\/h2>\n<h3><span style=\"color: #333399;\">Mit diesem Video senden wir euch allen einen fr\u00f6hlichen <\/span><\/h3>\n<h3><span style=\"color: #333399;\">Ostergru\u00df und w\u00fcnschen viel Spa\u00df beim Anschauen \ud83d\ude42<\/span><\/h3>\n<h3><span style=\"color: #993300;\"><a style=\"color: #993300;\" href=\"https:\/\/youtu.be\/F6e54lt7DxE\" target=\"_blank\" rel=\"noopener noreferrer\">Mit Klick auf&#8217;s Bild oder hier gelangt ihr zum Video<\/a><\/span><\/h3>\n<hr \/>\n<h2><span style=\"color: #333399;\">9. April 2020<\/span><\/h2>\n<h3><span style=\"color: #333399;\">Getreu dem Motto &#8222;Bleib! Mal! Gesund!&#8220; gibt es auf der Internetseite<\/span><\/h3>\n<h3><span style=\"color: #333399;\"><a style=\"color: #333399;\" href=\"https:\/\/www.illustratoren-gegen-corona.de\/\"><img loading=\"lazy\" decoding=\"async\" class=\"alignnone wp-image-3100 size-medium\" src=\"https:\/\/werkstatt-ac.de\/wp-content\/uploads\/2020\/04\/logo-igc-300x113.jpg\" alt=\"\" width=\"300\" height=\"113\" data-id=\"3100\" srcset=\"https:\/\/werkstatt-ac.de\/wp-content\/uploads\/2020\/04\/logo-igc-300x113.jpg 300w, https:\/\/werkstatt-ac.de\/wp-content\/uploads\/2020\/04\/logo-igc-768x288.jpg 768w, https:\/\/werkstatt-ac.de\/wp-content\/uploads\/2020\/04\/logo-igc-600x225.jpg 600w, https:\/\/werkstatt-ac.de\/wp-content\/uploads\/2020\/04\/logo-igc-168x63.jpg 168w, https:\/\/werkstatt-ac.de\/wp-content\/uploads\/2020\/04\/logo-igc.jpg 800w\" sizes=\"auto, (max-width: 300px) 100vw, 300px\" \/><\/a><\/span><\/h3>\n<h3><span style=\"color: #333399;\">ganz viele Ausmal- und Bastelvorlagen zum kostenlosen runterladen. Vielen Dank an die Illustratoren, dass wir die Seite kostenlos nutzen d\u00fcrfen!<\/span><\/h3>\n<h3><span style=\"color: #993300;\"><a style=\"color: #993300;\" href=\"https:\/\/www.illustratoren-gegen-corona.de\" target=\"_blank\" rel=\"noopener noreferrer\">Mit Klick auf&#8217;s Bild oder hier gelangt ihr zur Seite<\/a><\/span><\/h3>\n<hr \/>\n<h2><span style=\"color: #333399;\">8. April 2020<\/span><\/h2>\n<h2><span style=\"color: #333399;\"><a class=\"link--download\" style=\"color: #333399;\" href=\"https:\/\/youtu.be\/6x2TaNah_lQ\" target=\"_blank\" rel=\"noopener noreferrer\">Helmut und Achim<\/a><\/span><\/h2>\n<h3><span style=\"color: #333399;\">Gute Nachricht 6.0 &#8211; &#8222;Gut gen\u00e4ht&#8220;<\/span><\/h3>\n<hr \/>\n<h2><span style=\"color: #333399;\">7. April 2020<\/span><\/h2>\n<h2><span style=\"color: #333399;\"><a class=\"link--download\" style=\"color: #333399;\" href=\"https:\/\/youtu.be\/bt8no2Vf8bg\" target=\"_blank\" rel=\"noopener noreferrer\">Helmut und Achim<\/a><\/span><\/h2>\n<h3><span style=\"color: #333399;\">Gute Nachricht 5.0 &#8211; &#8222;Gute Luft&#8220;<\/span><\/h3>\n<hr \/>\n<h2><span style=\"color: #333399;\">6. April 2020<\/span><\/h2>\n<h2><span style=\"color: #333399;\"><a style=\"color: #333399;\" href=\"https:\/\/youtu.be\/oFQsSbteQS0\" target=\"_blank\" rel=\"noopener noreferrer\">Helmut und Achim<\/a><\/span><\/h2>\n<h3><span style=\"color: #333399;\">Gute Nachricht 4.0 &#8211; &#8222;Bilder-Pflanzen-Ralley&#8220;<\/span><\/h3>\n<p>&nbsp;<\/p>\n<h3><span style=\"color: #993300;\"><a style=\"color: #993300;\" href=\"https:\/\/werkstatt-ac.de\/startseite\/corona-virus\/gute-nachrichten\/bilder\/\" target=\"_blank\" rel=\"noopener noreferrer\">Die Bilder zur Pflanzen-Ralley findet ihr hier.<\/a><\/span><\/h3>\n<hr \/>\n<h2><span style=\"color: #333399;\">3. April 2020<\/span><\/h2>\n<h2><span style=\"color: #333399;\"><a class=\"link--download\" style=\"color: #333399;\" href=\"https:\/\/youtu.be\/aDfWDo5Li7U\" target=\"_blank\" rel=\"noopener noreferrer\">Helmut und Achim<\/a><\/span><\/h2>\n<h3><span style=\"color: #333399;\">Gute Nachricht 3.0 &#8211; &#8222;Wichtige Telefonnummern&#8220;<\/span><\/h3>\n<h3><span style=\"color: #993300;\"><a style=\"color: #993300;\" href=\"https:\/\/youtu.be\/bg1EwAJBMyI\" target=\"_blank\" rel=\"noopener noreferrer\">Hier findet ihr das Lied der St\u00e4dteRegion<\/a><br \/>\n<a style=\"color: #993300;\" href=\"https:\/\/youtu.be\/bg1EwAJBMyI\" target=\"_blank\" rel=\"noopener noreferrer\">\u201ezusammen\u201c eine Initiative der Feuerwehren St\u00e4dteRegion und Polizei Aachen mit Oliver Schmitt<\/a><\/span><\/h3>\n<hr \/>\n<h2><span style=\"color: #333399;\">2. April 2020<\/span><\/h2>\n<h2><span style=\"color: #333399;\"><a class=\"link--download\" style=\"color: #333399;\" href=\"https:\/\/youtu.be\/40UDG5vo9uQ\" target=\"_blank\" rel=\"noopener noreferrer\">Helmut und Achim<\/a><\/span><\/h2>\n<h3><span style=\"color: #333399;\">Gute Nachricht 2.0 &#8211; &#8222;Ich kann was tun&#8220;<\/span><\/h3>\n<hr \/>\n<h2><span style=\"color: #333399;\">1. April 2020<\/span><\/h2>\n<h2><span style=\"color: #333399;\"><a class=\"link--download\" style=\"color: #333399;\" href=\"https:\/\/youtu.be\/ptk8IWtQRrY\" target=\"_blank\" rel=\"noopener noreferrer\">Hier findet ihr das Video<\/a><\/span><\/h2>\n<h3><span style=\"color: #333399;\">&#8222;Max Haberland und Norbert Zimmermann im Gespr\u00e4ch&#8220;<\/span><\/h3>\n<hr \/>\n<h2><span style=\"color: #333399;\">31. M\u00e4rz 2020<\/span><\/h2>\n<h2><span style=\"color: #333399;\"><a class=\"link--download\" style=\"color: #333399;\" href=\"https:\/\/youtu.be\/JQJarHvZqCw\" target=\"_blank\" rel=\"noopener noreferrer\">Helmut und Achim<\/a><\/span><\/h2>\n<h3><span style=\"color: #333399;\">Gute Nachricht 1.0 &#8211; &#8222;Das Intro&#8220;\u00a0<\/span><\/h3>\n<hr \/>\n<h2><span style=\"color: #333399;\"><strong><a class=\"link--download\" style=\"color: #333399;\" href=\"https:\/\/werkstatt-ac.de\/wp-content\/uploads\/2020\/03\/2020-03-31_AZ_AN-ePaper-Sammelmappe.pdf\" target=\"_blank\" rel=\"noopener noreferrer\">Hier geht&#8217;s zum Artikel der AZ\/AN vom 31.03.2020<\/a><\/strong><\/span><\/h2>\n<h3><span style=\"color: #333399;\">&#8222;Videoanleitungen mit Herz f\u00fcr besondere Menschen&#8220;<\/span><\/h3>\n<hr \/>\n<h3><\/h3>\n","protected":false},"excerpt":{"rendered":"<p>15.05.2020 Andrea, Luise, Alexandra und Dirk Und noch eine Gute Nachricht im Videoformat Gute Nachricht 17.0 &#8211; &#8222;Gut geraten&#8220; 14.05.2020 Heute gibt es anstatt der Guten Nachricht einen musikalischen Gru\u00df aus der Werkstatt &#8222;Gut geflogen&#8220; 8. Mai 2020 Helmut und Achim Gute Nachricht 16.0 &#8211; &#8222;Gut gek\u00fchlt&#8220; 4. Mai 2020 Helmut und Elke Gute Nachricht [&hellip;]<\/p>\n","protected":false},"author":101020,"featured_media":0,"parent":2852,"menu_order":51,"comment_status":"closed","ping_status":"closed","template":"","meta":{"_acf_changed":false,"footnotes":""},"class_list":["post-2949","page","type-page","status-publish","hentry"],"acf":[],"_links":{"self":[{"href":"https:\/\/werkstatt-ac.de\/index.php?rest_route=\/wp\/v2\/pages\/2949","targetHints":{"allow":["GET"]}}],"collection":[{"href":"https:\/\/werkstatt-ac.de\/index.php?rest_route=\/wp\/v2\/pages"}],"about":[{"href":"https:\/\/werkstatt-ac.de\/index.php?rest_route=\/wp\/v2\/types\/page"}],"author":[{"embeddable":true,"href":"https:\/\/werkstatt-ac.de\/index.php?rest_route=\/wp\/v2\/users\/101020"}],"replies":[{"embeddable":true,"href":"https:\/\/werkstatt-ac.de\/index.php?rest_route=%2Fwp%2Fv2%2Fcomments&post=2949"}],"version-history":[{"count":65,"href":"https:\/\/werkstatt-ac.de\/index.php?rest_route=\/wp\/v2\/pages\/2949\/revisions"}],"predecessor-version":[{"id":3317,"href":"https:\/\/werkstatt-ac.de\/index.php?rest_route=\/wp\/v2\/pages\/2949\/revisions\/3317"}],"up":[{"embeddable":true,"href":"https:\/\/werkstatt-ac.de\/index.php?rest_route=\/wp\/v2\/pages\/2852"}],"wp:attachment":[{"href":"https:\/\/werkstatt-ac.de\/index.php?rest_route=%2Fwp%2Fv2%2Fmedia&parent=2949"}],"curies":[{"name":"wp","href":"https:\/\/api.w.org\/{rel}","templated":true}]}}