{"id":3751,"date":"2024-07-30T16:59:41","date_gmt":"2024-07-30T14:59:41","guid":{"rendered":"https:\/\/werkstatt-ac.de\/?page_id=3751"},"modified":"2024-07-30T16:59:41","modified_gmt":"2024-07-30T14:59:41","slug":"karriere","status":"publish","type":"page","link":"https:\/\/werkstatt-ac.de\/?page_id=3751","title":{"rendered":"Ausbildung und Karriere"},"content":{"rendered":"<button id=\"bb1\" type=\"button\" value=\"Play\" class=\"responsivevoice-button\" title=\"ResponsiveVoice Tap to Start\/Stop Speech\"><span>&#128266; Vorlesen<\/span><\/button>\n        <script>\n            bb1.onclick = function(){\n                if(responsiveVoice.isPlaying()){\n                    responsiveVoice.cancel();\n                }else{\n                    responsiveVoice.speak(\"Partner der Menschen. Partner der Wirtschaft. Die Lebenshilfe Aachen Werkst\u00e4tten & Service GmbH versteht sich als ein vielseitiges und modernes Unternehmen, das Menschen mit Behinderung unter fachlich qualifizierter Anleitung ein abwechslungsreiches Arbeitsangebot bereith\u00e4lt. Unsere Werkstatt besch\u00e4ftigt etwa 850 Menschen mit einer geistigen und\/oder k\u00f6rperlichen Beeintr\u00e4chtigung. Unter Anleitung von rund 270 qualifizierten Mitarbeitenden erm\u00f6glichen wir personenzentrierte Arbeitspl\u00e4tze in den unterschiedlichsten Arbeitsbereichen an zwei Standorten. Laufend suchen wir neue qualifizierte Fachkr\u00e4fte, die motiviert sind, unser Team zu bereichern und zu unterst\u00fctzen. Wir besch\u00e4ftigen: Heilerziehungspfleger\/innen, Altenpfleger\/innen, Gesundheits- und Krankenpfleger\/innen und\u00a0 Ergotherapeuten\/Ergotherapeutinnen Sozialp\u00e4dagogen\/Sozialp\u00e4dagoginnen Fachpersonal aus anderen p\u00e4dagogischen, erzieherischen und pflegerischen Berufen handwerklich\/technisch qualifiziertes Personal, auch mit p\u00e4dagogischer Zusatzqualifikation. Hier geht es zu unseren aktuellen Stellen. Ausbildung, Praktikum und mehr Wir bilden in den folgenden Ausbildungsberufen aus: im Bereich der Heilerziehungspflege (3-j\u00e4hrige praxisintegrierte Ausbildung) G\u00e4rtner:in, Fachrichtung: Garten und Landschaftsbau Tischler:in K\u00f6chin\/Koch Fachlagerist:in Fachkraft f\u00fcr Lagerlogistik Industriekauffrau\/-mann Kauffrau\/-mann f\u00fcr Digitalisierungsmanagement Wir dienen auch als Praxisstelle f\u00fcr das Anerkennungsjahr im Rahmen der Ausbildung zum\/zur Heilerziehungspfleger:in. Unser Angebot richtet sich auch an Sch\u00fcler:innen, die bei uns ein Praktikum absolvieren m\u00f6chten. Wir bieten auch Jahrespraktika an. Schulabsolvent:innen k\u00f6nnen ein Freiwilliges Soziales Jahr oder einen Bundesfreiwilligendienst bei uns absolvieren. Hier gibt es weitere Informationen.\", \"Deutsch Female\");\n                }\n            };\n        <\/script>\n    <\/p>\n<h2><strong>Partner der Menschen. Partner der Wirtschaft.<\/strong><\/h2>\n<p>Die Lebenshilfe Aachen Werkst\u00e4tten &amp; Service GmbH versteht sich als ein vielseitiges und modernes Unternehmen, das Menschen mit Behinderung unter fachlich qualifizierter Anleitung ein abwechslungsreiches Arbeitsangebot bereith\u00e4lt.<\/p>\n<p>Unsere Werkstatt besch\u00e4ftigt etwa 850 Menschen mit einer geistigen und\/oder k\u00f6rperlichen Beeintr\u00e4chtigung. Unter Anleitung von rund 270 qualifizierten Mitarbeitenden erm\u00f6glichen wir personenzentrierte Arbeitspl\u00e4tze in den unterschiedlichsten Arbeitsbereichen an zwei Standorten. Laufend suchen wir neue qualifizierte Fachkr\u00e4fte, die motiviert sind, unser Team zu bereichern und zu unterst\u00fctzen. Wir besch\u00e4ftigen:<\/p>\n<ul>\n<li>Heilerziehungspfleger\/innen, Altenpfleger\/innen, Gesundheits- und Krankenpfleger\/innen und\u00a0 Ergotherapeuten\/Ergotherapeutinnen<\/li>\n<li>Sozialp\u00e4dagogen\/Sozialp\u00e4dagoginnen<\/li>\n<li>Fachpersonal aus anderen p\u00e4dagogischen, erzieherischen und pflegerischen Berufen<\/li>\n<li>handwerklich\/technisch qualifiziertes Personal, auch mit p\u00e4dagogischer Zusatzqualifikation.<\/li>\n<\/ul>\n<p><a href=\"https:\/\/bewerberportal.werkstatt-ac.de\/BWVOnlinePortalExtern\/ausschreibungen\"><strong>Hier geht es zu unseren aktuellen Stellen.<\/strong><\/a><\/p>\n<p>&nbsp;<\/p>\n<h2>Ausbildung, Praktikum und mehr<\/h2>\n<p>Wir bilden in den folgenden Ausbildungsberufen aus:<\/p>\n<ul>\n<li>im Bereich der Heilerziehungspflege (3-j\u00e4hrige praxisintegrierte Ausbildung)<\/li>\n<li>G\u00e4rtner:in, Fachrichtung: Garten und Landschaftsbau<\/li>\n<li>Tischler:in<\/li>\n<li>K\u00f6chin\/Koch<\/li>\n<li>Fachlagerist:in<\/li>\n<li>Fachkraft f\u00fcr Lagerlogistik<\/li>\n<li>Industriekauffrau\/-mann<\/li>\n<li>Kauffrau\/-mann f\u00fcr Digitalisierungsmanagement<\/li>\n<\/ul>\n<p>Wir dienen auch als Praxisstelle f\u00fcr das Anerkennungsjahr im Rahmen der Ausbildung zum\/zur Heilerziehungspfleger:in.<\/p>\n<p>Unser Angebot richtet sich auch an Sch\u00fcler:innen, die bei uns ein Praktikum absolvieren m\u00f6chten.<\/p>\n<p>Wir bieten auch Jahrespraktika an.<\/p>\n<p>Schulabsolvent:innen k\u00f6nnen ein Freiwilliges Soziales Jahr oder einen Bundesfreiwilligendienst bei uns absolvieren.<\/p>\n<p><strong><a href=\"https:\/\/werkstatt-ac.de\/?page_id=2052\">Hier gibt es weitere Informationen.<\/a><\/strong><\/p>\n<p>\n","protected":false},"excerpt":{"rendered":"<p>Viele Berufe, ein Team: Kommen Sie in ein besonderes Unternehmen!<\/p>\n","protected":false},"author":101019,"featured_media":3928,"parent":187,"menu_order":40,"comment_status":"closed","ping_status":"closed","template":"","meta":{"_acf_changed":false,"footnotes":""},"class_list":["post-3751","page","type-page","status-publish","has-post-thumbnail","hentry"],"acf":[],"_links":{"self":[{"href":"https:\/\/werkstatt-ac.de\/index.php?rest_route=\/wp\/v2\/pages\/3751","targetHints":{"allow":["GET"]}}],"collection":[{"href":"https:\/\/werkstatt-ac.de\/index.php?rest_route=\/wp\/v2\/pages"}],"about":[{"href":"https:\/\/werkstatt-ac.de\/index.php?rest_route=\/wp\/v2\/types\/page"}],"author":[{"embeddable":true,"href":"https:\/\/werkstatt-ac.de\/index.php?rest_route=\/wp\/v2\/users\/101019"}],"replies":[{"embeddable":true,"href":"https:\/\/werkstatt-ac.de\/index.php?rest_route=%2Fwp%2Fv2%2Fcomments&post=3751"}],"version-history":[{"count":60,"href":"https:\/\/werkstatt-ac.de\/index.php?rest_route=\/wp\/v2\/pages\/3751\/revisions"}],"predecessor-version":[{"id":4589,"href":"https:\/\/werkstatt-ac.de\/index.php?rest_route=\/wp\/v2\/pages\/3751\/revisions\/4589"}],"up":[{"embeddable":true,"href":"https:\/\/werkstatt-ac.de\/index.php?rest_route=\/wp\/v2\/pages\/187"}],"wp:featuredmedia":[{"embeddable":true,"href":"https:\/\/werkstatt-ac.de\/index.php?rest_route=\/wp\/v2\/media\/3928"}],"wp:attachment":[{"href":"https:\/\/werkstatt-ac.de\/index.php?rest_route=%2Fwp%2Fv2%2Fmedia&parent=3751"}],"curies":[{"name":"wp","href":"https:\/\/api.w.org\/{rel}","templated":true}]}}